{"id":2918,"date":"2026-03-11T18:04:57","date_gmt":"2026-03-11T17:04:57","guid":{"rendered":"https:\/\/ribeiro-avocat.com\/?page_id=2918"},"modified":"2026-03-13T18:30:40","modified_gmt":"2026-03-13T17:30:40","slug":"avocat-expulsion-local-commercial","status":"publish","type":"page","link":"https:\/\/ribeiro-avocat.com\/index.php\/avocat-expulsion-local-commercial\/","title":{"rendered":"Avocat expulsion local commercial"},"content":{"rendered":"<h1>Expulsion d&rsquo;un local commercial &#8211; Avocat \u00e0 Nice<\/h1>\n<p data-start=\"373\" data-end=\"728\">L\u2019expulsion d\u2019un locataire commercial est une proc\u00e9dure strictement encadr\u00e9e par le droit des <strong data-start=\"467\" data-end=\"487\">baux commerciaux<\/strong>.<br data-start=\"488\" data-end=\"491\" \/>Lorsqu\u2019un locataire ne respecte plus ses obligations (impay\u00e9s de loyers, absence d\u2019assurance, non-respect du bail\u2026), le bailleur peut engager une proc\u00e9dure afin d\u2019obtenir la <strong data-start=\"665\" data-end=\"727\">r\u00e9siliation du bail commercial et l\u2019expulsion du locataire<\/strong>.<\/p>\n<p data-start=\"730\" data-end=\"1000\">Me Philippe RIBEIRO DE CARVALHO, <a href=\"https:\/\/ribeiro-avocat.com\/\">avocat en droit immobilier \u00e0 Nice<\/a>, intervient r\u00e9guli\u00e8rement pour accompagner les bailleurs ou les locataires dans ce type de proc\u00e9dure sur l\u2019ensemble de la <strong data-start=\"901\" data-end=\"999\">C\u00f4te d\u2019Azur (Nice, Cannes, Grasse Antibes, Cagnes-sur-Mer, Villeneuve-Loubet, Sophia Antipolis, etc.)<\/strong>.<\/p>\n<p data-start=\"1002\" data-end=\"1093\"><img loading=\"lazy\" decoding=\"async\" class=\"aligncenter wp-image-2920\" src=\"https:\/\/ribeiro-avocat.com\/wp-content\/uploads\/2026\/03\/avocat-droit-commercial-nice-300x200.png\" alt=\"avocat expulsion local commercial\" width=\"463\" height=\"308\" srcset=\"https:\/\/ribeiro-avocat.com\/wp-content\/uploads\/2026\/03\/avocat-droit-commercial-nice-300x200.png 300w, https:\/\/ribeiro-avocat.com\/wp-content\/uploads\/2026\/03\/avocat-droit-commercial-nice-1024x683.png 1024w, https:\/\/ribeiro-avocat.com\/wp-content\/uploads\/2026\/03\/avocat-droit-commercial-nice-768x512.png 768w, https:\/\/ribeiro-avocat.com\/wp-content\/uploads\/2026\/03\/avocat-droit-commercial-nice.png 1536w\" sizes=\"auto, (max-width: 463px) 100vw, 463px\" \/><\/p>\n<h2><span style=\"text-decoration: underline;\">1) Les diff\u00e9rentes \u00e9tapes de la proc\u00e9dure d\u2019expulsion d\u2019un local commercial<\/span><\/h2>\n<h3 data-section-id=\"19q05ly\" data-start=\"1179\" data-end=\"1238\">a) Le commandement de payer visant la clause r\u00e9solutoire<\/h3>\n<p data-start=\"1240\" data-end=\"1387\">La premi\u00e8re \u00e9tape consiste g\u00e9n\u00e9ralement \u00e0 faire d\u00e9livrer au locataire un <strong data-start=\"1313\" data-end=\"1386\">commandement de payer visant la clause r\u00e9solutoire du bail commercial<\/strong>.<\/p>\n<p data-start=\"1389\" data-end=\"1484\">Cet acte est obligatoirement d\u00e9livr\u00e9 par un <strong data-start=\"1433\" data-end=\"1483\">commissaire de justice (anciennement huissier)<\/strong>.<\/p>\n<p data-start=\"1486\" data-end=\"1525\">Le commandement de payer a pour objet :<\/p>\n<ul data-start=\"1527\" data-end=\"1723\">\n<li data-section-id=\"1h9jhl2\" data-start=\"1527\" data-end=\"1585\">\n<p data-start=\"1529\" data-end=\"1585\">de rappeler au locataire ses obligations contractuelles,<\/p>\n<\/li>\n<li data-section-id=\"t3t2hy\" data-start=\"1586\" data-end=\"1648\">\n<p data-start=\"1588\" data-end=\"1648\">de d\u00e9tailler les sommes dues (loyers, charges, indemnit\u00e9s\u2026),<\/p>\n<\/li>\n<li data-section-id=\"1smgez6\" data-start=\"1649\" data-end=\"1723\">\n<p data-start=\"1651\" data-end=\"1723\">et de lui accorder un <strong data-start=\"1673\" data-end=\"1722\">d\u00e9lai d\u2019un mois pour r\u00e9gulariser sa situation<\/strong>.<\/p>\n<\/li>\n<\/ul>\n<p data-start=\"1725\" data-end=\"1883\">Si le locataire ne r\u00e8gle pas les sommes dues dans ce d\u00e9lai, la <strong data-start=\"1788\" data-end=\"1847\">clause r\u00e9solutoire du bail commercial peut \u00eatre acquise<\/strong>, entra\u00eenant la r\u00e9siliation du bail.<\/p>\n<p data-start=\"1885\" data-end=\"1978\">L\u2019intervention d\u2019un <strong data-start=\"1905\" data-end=\"1942\">avocat en droit immobilier \u00e0 Nice<\/strong> est souvent utile \u00e0 ce stade pour :<\/p>\n<ul data-start=\"1980\" data-end=\"2168\">\n<li data-section-id=\"7pf43s\" data-start=\"1980\" data-end=\"2032\">\n<p data-start=\"1982\" data-end=\"2032\">v\u00e9rifier la <strong data-start=\"1994\" data-end=\"2031\">validit\u00e9 du commandement de payer<\/strong>,<\/p>\n<\/li>\n<li data-section-id=\"7mp2ay\" data-start=\"2033\" data-end=\"2095\">\n<p data-start=\"2035\" data-end=\"2095\">s\u2019assurer que les <strong data-start=\"2053\" data-end=\"2078\">mentions obligatoires<\/strong> sont respect\u00e9es,<\/p>\n<\/li>\n<li data-section-id=\"pnr31c\" data-start=\"2096\" data-end=\"2168\">\n<p data-start=\"2098\" data-end=\"2168\">\u00e9viter toute irr\u00e9gularit\u00e9 qui pourrait remettre en cause la proc\u00e9dure.<\/p>\n<\/li>\n<\/ul>\n<p data-start=\"2170\" data-end=\"2274\">Une erreur dans la r\u00e9daction de l\u2019acte peut en effet retarder consid\u00e9rablement la proc\u00e9dure d\u2019expulsion. Si le locataire ne conteste pas le commandement de payer dans le d\u00e9lai d&rsquo;un mois, il est alors possible de saisir le Juge des r\u00e9f\u00e9r\u00e9s pour demander l&rsquo;expulsion de ce dernier.<\/p>\n<h3 data-section-id=\"1ft2gvf\" data-start=\"2281\" data-end=\"2317\">b) La saisine du juge des r\u00e9f\u00e9r\u00e9s<\/h3>\n<p data-start=\"2319\" data-end=\"2450\">Si le commandement de payer n&rsquo;est pay\u00e9 dans le d\u00e9lai pr\u00e9vu, le bailleur peut saisir le <strong data-start=\"2385\" data-end=\"2440\">Pr\u00e9sident du Tribunal judiciaire statuant en r\u00e9f\u00e9r\u00e9<\/strong> afin de :<\/p>\n<ul data-start=\"2452\" data-end=\"2702\">\n<li data-section-id=\"18pfx8l\" data-start=\"2452\" data-end=\"2503\">\n<p data-start=\"2454\" data-end=\"2503\">constater l\u2019acquisition de la clause r\u00e9solutoire,<\/p>\n<\/li>\n<li data-section-id=\"1hbql0y\" data-start=\"2504\" data-end=\"2552\">\n<p data-start=\"2506\" data-end=\"2552\">obtenir la <strong data-start=\"2517\" data-end=\"2551\">r\u00e9siliation du bail commercial<\/strong>,<\/p>\n<\/li>\n<li data-section-id=\"15egsb0\" data-start=\"2553\" data-end=\"2646\">\n<p data-start=\"2555\" data-end=\"2646\">obtenir la <strong data-start=\"2566\" data-end=\"2645\">condamnation du locataire au paiement des loyers et indemnit\u00e9s d\u2019occupation<\/strong>,<\/p>\n<\/li>\n<li data-section-id=\"tqe3bw\" data-start=\"2647\" data-end=\"2702\">\n<p data-start=\"2649\" data-end=\"2702\">et prononcer l\u2019<strong data-start=\"2664\" data-end=\"2701\">expulsion du locataire commercial<\/strong>.<\/p>\n<\/li>\n<\/ul>\n<p data-start=\"0\" data-end=\"370\">La proc\u00e9dure d\u00e9bute par la r\u00e9daction d\u2019une assignation par l\u2019avocat du bailleur. <span style=\"font-size: 14.4px;\">Cet acte est ensuite signifi\u00e9 au locataire par un commissaire de justice, ce qui permet de saisir le Juge des r\u00e9f\u00e9r\u00e9s. Une audience est alors fix\u00e9e afin que le juge puisse examiner la demande.<\/span><\/p>\n<p data-start=\"372\" data-end=\"758\">Selon les circonstances du dossier, l\u2019affaire peut \u00eatre renvoy\u00e9e \u00e0 une ou plusieurs audiences suppl\u00e9mentaires, notamment lorsque le locataire sollicite des d\u00e9lais de paiement ou souhaite pr\u00e9senter des arguments en d\u00e9fense. Les d\u00e9lais de traitement peuvent ainsi varier selon les juridictions, mais une proc\u00e9dure d\u2019expulsion d\u2019un local commercial s\u2019\u00e9tend g\u00e9n\u00e9ralement sur plusieurs mois.<\/p>\n<p data-start=\"760\" data-end=\"1030\" data-is-last-node=\"\" data-is-only-node=\"\">Dans ce cadre, l\u2019avocat joue un r\u00f4le essentiel tout au long de la proc\u00e9dure : il r\u00e9dige l\u2019assignation, constitue le dossier avec les pi\u00e8ces n\u00e9cessaires, assure la repr\u00e9sentation du bailleur \u00e0 l\u2019audience et veille au suivi de la proc\u00e9dure jusqu\u2019\u00e0 la d\u00e9cision du tribunal.<\/p>\n<p data-start=\"760\" data-end=\"1030\" data-is-last-node=\"\" data-is-only-node=\"\">Une fois que le dossier est pr\u00e9sent\u00e9 au Juge, l&rsquo;affaire est mise en d\u00e9lib\u00e9r\u00e9 et la d\u00e9cision est rendue dans les semaines qui suivent la derni\u00e8re audience (g\u00e9n\u00e9ralement un mois ou plus apr\u00e8s la derni\u00e8re audience).<\/p>\n<h3 data-section-id=\"1dvt10i\" data-start=\"3409\" data-end=\"3452\">c) L\u2019ex\u00e9cution de la d\u00e9cision de justice<\/h3>\n<p data-start=\"3454\" data-end=\"3556\">Une fois la d\u00e9cision rendue, celle-ci doit \u00eatre <strong data-start=\"3502\" data-end=\"3555\">signifi\u00e9e au locataire par commissaire de justice<\/strong>.<\/p>\n<p data-start=\"3558\" data-end=\"3687\">Si le locataire ne quitte pas volontairement les lieux, il est possible de proc\u00e9der \u00e0 l\u2019<strong data-start=\"3646\" data-end=\"3686\">expulsion forc\u00e9e du local commercial<\/strong>.<\/p>\n<p data-start=\"3689\" data-end=\"3729\">Le commissaire de justice pourra alors :<\/p>\n<ul data-start=\"3731\" data-end=\"3860\">\n<li data-section-id=\"obxlq0\" data-start=\"3731\" data-end=\"3783\">\n<p data-start=\"3733\" data-end=\"3783\">d\u00e9livrer un <strong data-start=\"3745\" data-end=\"3782\">commandement de quitter les lieux<\/strong>,<\/p>\n<\/li>\n<li data-section-id=\"1w1g3rk\" data-start=\"3784\" data-end=\"3860\">\n<p data-start=\"3786\" data-end=\"3860\">organiser l\u2019expulsion avec le concours de la force publique si n\u00e9cessaire.<\/p>\n<\/li>\n<\/ul>\n<p data-start=\"3862\" data-end=\"4017\">\u00c0 ce stade, l\u2019intervention de l\u2019avocat est g\u00e9n\u00e9ralement moins importante, la phase d\u2019ex\u00e9cution \u00e9tant principalement r\u00e9alis\u00e9e par le commissaire de justice.<\/p>\n<h2 data-section-id=\"12w8jhc\" data-start=\"4024\" data-end=\"4108\"><span style=\"text-decoration: underline;\">2) Les diff\u00e9rentes raisons pouvant justifier l\u2019expulsion d\u2019un locataire commercial<\/span><\/h2>\n<p data-start=\"75\" data-end=\"366\">La r\u00e9siliation d\u2019un bail commercial et l\u2019expulsion du locataire peuvent intervenir lorsque celui-ci ne respecte plus les obligations pr\u00e9vues par le contrat de bail ou par la r\u00e9glementation applicable. Plusieurs situations peuvent ainsi justifier l\u2019engagement d\u2019une proc\u00e9dure par le bailleur.<\/p>\n<p data-start=\"368\" data-end=\"764\">Le cas le plus fr\u00e9quent concerne les <strong data-start=\"405\" data-end=\"426\">impay\u00e9s de loyers<\/strong>. Le d\u00e9faut de paiement des loyers et des charges constitue en pratique la principale cause de r\u00e9siliation des baux commerciaux. Lorsque le locataire ne r\u00e9gularise pas sa situation malgr\u00e9 la d\u00e9livrance d\u2019un commandement de payer visant la clause r\u00e9solutoire, le bailleur peut solliciter la r\u00e9siliation du bail et l\u2019expulsion du locataire.<\/p>\n<p data-start=\"766\" data-end=\"1064\">L\u2019<strong data-start=\"768\" data-end=\"791\">absence d\u2019assurance<\/strong> peut \u00e9galement constituer un manquement grave. En effet, la plupart des baux commerciaux imposent au locataire de souscrire une assurance couvrant notamment les risques locatifs. Le d\u00e9faut d\u2019assurance peut alors justifier la mise en \u0153uvre de la clause r\u00e9solutoire du bail.<\/p>\n<p data-start=\"1066\" data-end=\"1429\">Le <strong data-start=\"1069\" data-end=\"1112\">non-respect du r\u00e8glement de copropri\u00e9t\u00e9<\/strong> peut \u00e9galement \u00eatre \u00e0 l\u2019origine d\u2019une proc\u00e9dure. Lorsque le local commercial est situ\u00e9 dans un immeuble soumis au statut de la copropri\u00e9t\u00e9, le locataire doit respecter les r\u00e8gles applicables \u00e0 l\u2019immeuble ainsi que sa destination. Certaines activit\u00e9s peuvent ainsi \u00eatre incompatibles avec le r\u00e8glement de copropri\u00e9t\u00e9.<\/p>\n<p data-start=\"1431\" data-end=\"1752\">La <strong data-start=\"1434\" data-end=\"1487\">modification de l\u2019activit\u00e9 exerc\u00e9e dans les lieux<\/strong> constitue \u00e9galement un motif fr\u00e9quent de litige. Le locataire ne peut en principe exercer que l\u2019activit\u00e9 pr\u00e9vue au bail commercial. L\u2019exercice d\u2019une activit\u00e9 diff\u00e9rente sans autorisation du bailleur peut \u00eatre consid\u00e9r\u00e9 comme une violation des stipulations du bail.<\/p>\n<p data-start=\"1754\" data-end=\"2117\" data-is-last-node=\"\" data-is-only-node=\"\">Enfin, certaines situations peuvent \u00eatre li\u00e9es \u00e0 l\u2019existence de <strong data-start=\"1818\" data-end=\"1855\">nuisances ou de troubles anormaux<\/strong> caus\u00e9s aux autres occupants de l\u2019immeuble. Lorsque l\u2019activit\u00e9 exerc\u00e9e dans le local g\u00e9n\u00e8re des troubles importants ou r\u00e9p\u00e9t\u00e9s, le bailleur peut \u00e9galement envisager une proc\u00e9dure afin de faire cesser ces troubles, voire obtenir la r\u00e9siliation du bail commercial.<\/p>\n<p data-start=\"0\" data-end=\"117\">Selon les causes de la proc\u00e9dure, celle-ci se d\u00e9roulera soit devant le juge des r\u00e9f\u00e9r\u00e9s, soit devant le juge du fond.<\/p>\n<p data-start=\"119\" data-end=\"752\">La <strong data-start=\"122\" data-end=\"145\">proc\u00e9dure en r\u00e9f\u00e9r\u00e9<\/strong> est une proc\u00e9dure rapide qui permet au juge de statuer dans des situations o\u00f9 l\u2019obligation du locataire ne pr\u00eate pas s\u00e9rieusement \u00e0 contestation. En mati\u00e8re de bail commercial, elle est le plus souvent utilis\u00e9e lorsque la r\u00e9siliation du bail r\u00e9sulte de l\u2019application d\u2019une <strong data-start=\"419\" data-end=\"441\">clause r\u00e9solutoire<\/strong>, par exemple en cas d\u2019impay\u00e9s de loyers apr\u00e8s la d\u00e9livrance d\u2019un commandement de payer rest\u00e9 infructueux. Le juge des r\u00e9f\u00e9r\u00e9s ne tranche pas d\u00e9finitivement le litige mais peut constater l\u2019acquisition de la clause r\u00e9solutoire, ordonner l\u2019expulsion du locataire et condamner celui-ci au paiement des sommes dues.<\/p>\n<p data-start=\"754\" data-end=\"1366\">\u00c0 l\u2019inverse, lorsque la r\u00e9siliation du bail repose sur une <strong data-start=\"813\" data-end=\"853\">appr\u00e9ciation plus complexe des faits<\/strong> ou sur un manquement contractuel contest\u00e9 (par exemple un changement d\u2019activit\u00e9 non autoris\u00e9, des travaux irr\u00e9guliers ou des troubles anormaux), l\u2019affaire doit \u00eatre port\u00e9e devant le <strong data-start=\"1036\" data-end=\"1052\">juge du fond<\/strong>. Cette proc\u00e9dure est plus longue car elle implique un examen approfondi du litige, avec un \u00e9change de conclusions entre les parties et parfois plusieurs audiences. Le tribunal rend alors une d\u00e9cision qui tranche d\u00e9finitivement la question de la r\u00e9siliation du bail et, le cas \u00e9ch\u00e9ant, de l\u2019expulsion du locataire.<\/p>\n<p data-start=\"1368\" data-end=\"1735\" data-is-last-node=\"\" data-is-only-node=\"\">Le choix entre ces deux proc\u00e9dures d\u00e9pend donc principalement de la <strong data-start=\"1436\" data-end=\"1482\">nature du manquement reproch\u00e9 au locataire<\/strong> et du degr\u00e9 de contestation possible du litige. Un avocat en droit immobilier pourra analyser la situation et d\u00e9terminer la proc\u00e9dure la plus adapt\u00e9e afin d\u2019obtenir la r\u00e9siliation du bail commercial et la restitution du local dans les meilleurs d\u00e9lais.<\/p>\n<h3 data-section-id=\"66hh2i\" data-start=\"5532\" data-end=\"5597\"><span style=\"text-decoration: underline;\">3) Pourquoi faire appel \u00e0 un avocat en bail commercial \u00e0 Nice ?<\/span><\/h3>\n<p data-start=\"5599\" data-end=\"5693\">La proc\u00e9dure d\u2019expulsion d\u2019un locataire commercial ob\u00e9it \u00e0 des <strong data-start=\"5662\" data-end=\"5692\">r\u00e8gles juridiques strictes<\/strong>.<\/p>\n<p data-start=\"5695\" data-end=\"5740\">Une erreur dans la proc\u00e9dure peut entra\u00eener :<\/p>\n<ul data-start=\"5742\" data-end=\"5893\">\n<li data-section-id=\"fyxf3t\" data-start=\"5742\" data-end=\"5784\">\n<p data-start=\"5744\" data-end=\"5784\">la <strong data-start=\"5747\" data-end=\"5783\">nullit\u00e9 du commandement de payer<\/strong>,<\/p>\n<\/li>\n<li data-section-id=\"lrta65\" data-start=\"5785\" data-end=\"5822\">\n<p data-start=\"5787\" data-end=\"5822\">le rejet de la demande d\u2019expulsion,<\/p>\n<\/li>\n<li data-section-id=\"7k0997\" data-start=\"5823\" data-end=\"5893\">\n<p data-start=\"5825\" data-end=\"5893\">ou un <strong data-start=\"5831\" data-end=\"5892\">retard important dans la r\u00e9cup\u00e9ration du local commercial<\/strong>.<\/p>\n<\/li>\n<\/ul>\n<p data-start=\"5895\" data-end=\"5968\">Faire appel \u00e0 un <strong data-start=\"5912\" data-end=\"5949\">avocat en droit immobilier \u00e0 Nice<\/strong> permet notamment :<\/p>\n<ul data-start=\"5970\" data-end=\"6171\">\n<li data-section-id=\"1pqzhb3\" data-start=\"5970\" data-end=\"6031\">\n<p data-start=\"5972\" data-end=\"6031\">d\u2019analyser le <strong data-start=\"5986\" data-end=\"6030\">bail commercial et la clause r\u00e9solutoire<\/strong>,<\/p>\n<\/li>\n<li data-section-id=\"c3l21m\" data-start=\"6032\" data-end=\"6060\">\n<p data-start=\"6034\" data-end=\"6060\">de s\u00e9curiser la proc\u00e9dure,<\/p>\n<\/li>\n<li data-section-id=\"ju2850\" data-start=\"6061\" data-end=\"6096\">\n<p data-start=\"6063\" data-end=\"6096\">de r\u00e9diger les actes n\u00e9cessaires,<\/p>\n<\/li>\n<li data-section-id=\"7vdbpj\" data-start=\"6097\" data-end=\"6171\">\n<p data-start=\"6099\" data-end=\"6171\">et de d\u00e9fendre efficacement les int\u00e9r\u00eats du bailleur devant le tribunal.<\/p>\n<\/li>\n<\/ul>\n<p data-start=\"6173\" data-end=\"6436\">Le cabinet de Me RIBEIRO DE CARVALHO intervient r\u00e9guli\u00e8rement en mati\u00e8re de <strong data-start=\"6244\" data-end=\"6315\">baux commerciaux et de proc\u00e9dures d\u2019expulsion de locaux commerciaux<\/strong> \u00e0 <strong data-start=\"6318\" data-end=\"6435\">Nice, Cannes, Antibes, Cagnes-sur-Mer, Villeneuve-Loubet, Sophia Antipolis et dans l\u2019ensemble des Alpes-Maritimes<\/strong>.<\/p>\n<p data-start=\"6173\" data-end=\"6436\">Vous pouvez le contacter Me RIBEIRO par t\u00e9l\u00e9phone au 06.24.05.97.01 ou par mail en suivant <a href=\"https:\/\/ribeiro-avocat.com\/index.php\/me-ribeiro-de-carvalho-a-propos-2\/\">ce lien.<\/a><\/p>\n","protected":false},"excerpt":{"rendered":"<p>Expulsion d&rsquo;un local commercial &#8211; Avocat \u00e0 Nice L\u2019expulsion d\u2019un locataire commercial est une proc\u00e9dure strictement encadr\u00e9e par le droit des baux commerciaux.Lorsqu\u2019un locataire ne respecte plus ses obligations (impay\u00e9s de loyers, absence d\u2019assurance, non-respect du bail\u2026), le bailleur peut engager une proc\u00e9dure afin d\u2019obtenir la r\u00e9siliation du bail commercial et l\u2019expulsion du locataire. Me [&#8230;]\n","protected":false},"author":1,"featured_media":0,"parent":0,"menu_order":0,"comment_status":"closed","ping_status":"closed","template":"","meta":{"footnotes":""},"class_list":["post-2918","page","type-page","status-publish","hentry"],"_links":{"self":[{"href":"https:\/\/ribeiro-avocat.com\/index.php\/wp-json\/wp\/v2\/pages\/2918","targetHints":{"allow":["GET"]}}],"collection":[{"href":"https:\/\/ribeiro-avocat.com\/index.php\/wp-json\/wp\/v2\/pages"}],"about":[{"href":"https:\/\/ribeiro-avocat.com\/index.php\/wp-json\/wp\/v2\/types\/page"}],"author":[{"embeddable":true,"href":"https:\/\/ribeiro-avocat.com\/index.php\/wp-json\/wp\/v2\/users\/1"}],"replies":[{"embeddable":true,"href":"https:\/\/ribeiro-avocat.com\/index.php\/wp-json\/wp\/v2\/comments?post=2918"}],"version-history":[{"count":5,"href":"https:\/\/ribeiro-avocat.com\/index.php\/wp-json\/wp\/v2\/pages\/2918\/revisions"}],"predecessor-version":[{"id":2925,"href":"https:\/\/ribeiro-avocat.com\/index.php\/wp-json\/wp\/v2\/pages\/2918\/revisions\/2925"}],"wp:attachment":[{"href":"https:\/\/ribeiro-avocat.com\/index.php\/wp-json\/wp\/v2\/media?parent=2918"}],"curies":[{"name":"wp","href":"https:\/\/api.w.org\/{rel}","templated":true}]}}